{"id":248,"date":"2020-12-15T16:54:00","date_gmt":"2020-12-15T15:54:00","guid":{"rendered":"http:\/\/www.snepfsu-martinique.net\/?page_id=248"},"modified":"2020-12-16T17:04:18","modified_gmt":"2020-12-16T16:04:18","slug":"les-adresses-administratives","status":"publish","type":"page","link":"https:\/\/www.snepfsu-martinique.net\/index.php\/les-adresses-administratives\/","title":{"rendered":"Les adresses administratives"},"content":{"rendered":"\n<figure class=\"wp-block-table\"><table><tbody><tr><td><strong>Pr\u00e9fecture<\/strong><\/td><td>rue Victor S\u00e9v\u00e8re 97200 Fort de France<br><img decoding=\"async\" src=\"http:\/\/www.snepfsu-martinique.net\/wp-content\/uploads\/2020\/12\/Icon-telephone.png\" alt=\"\" style=\"width: 30px;\">&nbsp;<strong>0596 39 36 00<\/strong><br>Site :&nbsp;<a rel=\"noreferrer noopener\" href=\"http:\/\/www.martinique.pref.gouv.fr\/\" target=\"_blank\"><strong>http:\/\/www.martinique.pref.gouv.fr\/<\/strong><\/a><\/td><\/tr><tr><td><strong>Conseil R\u00e9gional&nbsp;<\/strong><br><strong>Service du logement de la sant\u00e9 et de l&rsquo;action sociale<\/strong><\/td><td>rue Gaston Deferre 97200 FORT DE FRANCE<br><img decoding=\"async\" src=\"http:\/\/www.snepfsu-martinique.net\/wp-content\/uploads\/2020\/12\/Icon-telephone.png\" alt=\"\" style=\"width: 30px;\">&nbsp;<strong>0596 59 80 26<\/strong><\/td><\/tr><tr><td><strong>C.R.O.U.S<\/strong><\/td><td>cit\u00e9 Universitaire 97233 Schoelcher<br><img decoding=\"async\" src=\"http:\/\/www.snepfsu-martinique.net\/wp-content\/uploads\/2020\/12\/Icon-telephone.png\" alt=\"\" style=\"width: 30px;\">&nbsp;<strong>0596 61 36 73<\/strong><br>Site :&nbsp;<a rel=\"noreferrer noopener\" href=\"http:\/\/www.cnous.fr\/\" target=\"_blank\"><strong>http:\/\/www.cnous.fr\/<\/strong><\/a><\/td><\/tr><tr><td><strong>Rectorat<\/strong><\/td><td>Hauts de Terreville 97233 SCHOELCHER<br><img decoding=\"async\" src=\"http:\/\/www.snepfsu-martinique.net\/wp-content\/uploads\/2020\/12\/Icon-telephone.png\" alt=\"\" style=\"width: 30px;\"><strong>&nbsp;0596 52 25 00<\/strong><br><img decoding=\"async\" loading=\"lazy\" width=\"128\" height=\"128\" class=\"wp-image-301\" style=\"width: 30px;\" src=\"http:\/\/www.snepfsu-martinique.net\/wp-content\/uploads\/2020\/12\/Icon-Fax.png\" alt=\"\">&nbsp;<strong>0596 52 25 09<\/strong><br><a href=\"mailto:ce.rectorat@ac-martinique.fr\"><img decoding=\"async\" loading=\"lazy\" width=\"128\" height=\"128\" class=\"wp-image-302\" style=\"width: 30px;\" src=\"http:\/\/www.snepfsu-martinique.net\/wp-content\/uploads\/2020\/12\/Icon_Mail.png\" alt=\"\"><\/a><a rel=\"noreferrer noopener\" href=\"mailto:ce.rectorat@ac-martinique.fr\" target=\"_blank\"><strong>&nbsp;ce.rectorat@ac-martinique.fr<\/strong><\/a><br>Site :&nbsp;<a rel=\"noreferrer noopener\" href=\"http:\/\/www.ac-martinique.fr\/\" target=\"_blank\"><strong>http:\/\/www.ac-martinique.fr\/<\/strong><\/a><br>Annuaire des services du rectorat : <a href=\"https:\/\/communication.ac-martinique.fr\/annuaire\/\"><img decoding=\"async\" loading=\"lazy\" width=\"128\" height=\"128\" class=\"wp-image-328\" src=\"http:\/\/www.snepfsu-martinique.net\/wp-content\/uploads\/2020\/12\/Button-Search.png\" alt=\"\" style=\"width: 30px;\"><\/a><\/td><\/tr><tr><td><strong>Inspection acad\u00e9mique&nbsp;<\/strong><\/td><td><strong>Catherine PIETRUS<br><\/strong><img decoding=\"async\" loading=\"lazy\" width=\"128\" height=\"128\" class=\"wp-image-303\" style=\"width: 30px;\" src=\"http:\/\/www.snepfsu-martinique.net\/wp-content\/uploads\/2020\/12\/Icon-telephone.png\" alt=\"\"><strong>&nbsp;05 96 52 27 74<br><img decoding=\"async\" src=\"http:\/\/www.snepfsu-martinique.net\/wp-content\/uploads\/2020\/12\/Icon-telephone.png\" alt=\"\" style=\"width: 30px;\">&nbsp;05 96 52 27 28&nbsp;<\/strong>(Secr\u00e9taire : Marie-Jos\u00e9 BALUSTRE)<strong><br><\/strong><img decoding=\"async\" loading=\"lazy\" width=\"128\" height=\"128\" class=\"wp-image-302\" style=\"width: 30px;\" src=\"http:\/\/www.snepfsu-martinique.net\/wp-content\/uploads\/2020\/12\/Icon_Mail.png\" alt=\"\"> <strong>&nbsp;<\/strong><a rel=\"noreferrer noopener\" href=\"mailto:ce.sg@ac-martinique.fr\" target=\"_blank\"><strong>ce.sg@ac-martinique.fr<\/strong><\/a><\/td><\/tr><tr><td><strong>Conseil G\u00e9n\u00e9ral<\/strong><\/td><td>&nbsp;<\/td><\/tr><tr><td><strong>Conseil R\u00e9gional&nbsp;<\/strong><\/td><td>&nbsp;<\/td><\/tr><tr><td><strong>Inspection p\u00e9dagogique r\u00e9gionale EPS<\/strong><\/td><td><strong>Beno\u00eet THIERY&nbsp;<br><img decoding=\"async\" src=\"http:\/\/www.snepfsu-martinique.net\/wp-content\/uploads\/2020\/12\/Icon-telephone.png\" alt=\"\" style=\"width: 30px;\">&nbsp;05 96 52 25 69&nbsp;<\/strong><br><a href=\"mailto:benoit.thiery@ac-martinique.fr\"><img decoding=\"async\" src=\"http:\/\/www.snepfsu-martinique.net\/wp-content\/uploads\/2020\/12\/Icon_Mail.png\" alt=\"\" style=\"width: 30px;\"><\/a> <a href=\"mailto:benoit.thiery@ac-martinique.fr\"><strong>benoit.thiery@ac-martinique.fr<\/strong><\/a><\/td><\/tr><tr><td><strong>Site EPS de Martinique&nbsp;<\/strong><\/td><td>site :<strong><a href=\"http:\/\/site.ac-martinique.fr\/eps\/\" target=\"_blank\" rel=\"noreferrer noopener\"> http:\/\/site.ac-martinique.fr\/eps\/<\/a><\/strong><\/td><\/tr><tr><td><strong>AEEPS Martinique&nbsp;<\/strong><\/td><td>&nbsp;<\/td><\/tr><tr><td><strong>F.N.S.U<\/strong><\/td><td>&nbsp;<\/td><\/tr><tr><td><strong>Service R\u00e9gional U.N.S.S<\/strong><\/td><td>Mango Vulcin<br>97232&nbsp; Le Lamentin<br><img decoding=\"async\" loading=\"lazy\" width=\"128\" height=\"128\" class=\"wp-image-303\" style=\"width: 30px;\" src=\"http:\/\/www.snepfsu-martinique.net\/wp-content\/uploads\/2020\/12\/Icon-telephone.png\" alt=\"\">&nbsp;<strong>05 96 61 42 93<\/strong><br><a href=\"mailto:sr-martinique@unss.org\"><img decoding=\"async\" loading=\"lazy\" width=\"128\" height=\"128\" class=\"wp-image-302\" src=\"http:\/\/www.snepfsu-martinique.net\/wp-content\/uploads\/2020\/12\/Icon_Mail.png\" alt=\"\" style=\"width: 30px;\"><\/a>&nbsp;<strong><a rel=\"noreferrer noopener\" href=\"mailto:sr-martinique@unss.org\" target=\"_blank\">sr-martinique@unss.org<\/a><\/strong><br>site :<a rel=\"noreferrer noopener\" href=\"https:\/\/unss972.typepad.fr\" target=\"_blank\"><strong> https:\/\/unss972.typepad.fr<\/strong><\/a><\/td><\/tr><tr><td><strong>U.S.E.P<\/strong><\/td><td>&nbsp;<\/td><\/tr><tr><td><strong>D.R.J.S.C.S<\/strong><\/td><td>Zac de l\u2019\u00c9tang z&rsquo;abricots &#8211; Agora 2<br>Rond-point Calendrier-Lagunaire<br>BP 669<br>97264&nbsp;Fort-de-France Cedex<br><img decoding=\"async\" loading=\"lazy\" width=\"128\" height=\"128\" class=\"wp-image-303\" src=\"http:\/\/www.snepfsu-martinique.net\/wp-content\/uploads\/2020\/12\/Icon-telephone.png\" alt=\"\" style=\"width: 30px;\"><strong>&nbsp;05 96 66 36 00<br><\/strong><img decoding=\"async\" loading=\"lazy\" width=\"128\" height=\"128\" class=\"wp-image-301\" style=\"width: 30px;\" src=\"http:\/\/www.snepfsu-martinique.net\/wp-content\/uploads\/2020\/12\/Icon-Fax.png\" alt=\"\"><strong>&nbsp;05 96 66 36 01<\/strong><br><a href=\"mailto:djscs972@drjscs.gouv.fr\"><img decoding=\"async\" src=\"http:\/\/www.snepfsu-martinique.net\/wp-content\/uploads\/2020\/12\/Icon_Mail.png\" alt=\"\" style=\"width: 30px;\"><strong> djscs972@drjscs.gouv.fr<br><\/strong><\/a>site :&nbsp;<a rel=\"noreferrer noopener\" href=\"http:\/\/martinique.drjscs.gouv.fr\" target=\"_blank\"><strong>http:\/\/martinique.drjscs.gouv.fr<\/strong><\/a><\/td><\/tr><tr><td><strong>I.N.S.P.E.&nbsp;<\/strong><\/td><td>rte du Phare &#8211; Pointe des n\u00e8gres &#8211; 97262 FORT DE FRANCE<br><img decoding=\"async\" loading=\"lazy\" width=\"128\" height=\"128\" class=\"wp-image-303\" style=\"width: 30px;\" src=\"http:\/\/www.snepfsu-martinique.net\/wp-content\/uploads\/2020\/12\/Icon-telephone.png\" alt=\"\"><strong>&nbsp;0596 61 42 42<\/strong><br><img decoding=\"async\" loading=\"lazy\" width=\"128\" height=\"128\" class=\"wp-image-303\" style=\"width: 30px;\" src=\"http:\/\/www.snepfsu-martinique.net\/wp-content\/uploads\/2020\/12\/Icon-telephone.png\" alt=\"\">&nbsp;<strong>0596 61 73 81<\/strong><\/td><\/tr><tr><td><strong>Atelier Canop\u00e9 972<\/strong><\/td><td>INSPE &#8211; Bat 1- Pointe des N\u00e8gres &#8211; BP 529 &#8211;<br>97206 FORT DE FRANCE Cedex&nbsp;<br><img decoding=\"async\" src=\"http:\/\/www.snepfsu-martinique.net\/wp-content\/uploads\/2020\/12\/Icon-telephone.png\" alt=\"\" style=\"width: 30px;\"><strong>&nbsp;0596 61 45 79<\/strong><br>site :&nbsp;<a rel=\"noreferrer noopener\" href=\"http:\/\/www.crdp.ac-martinique.fr\/\" target=\"_blank\"><strong>http:\/\/www.crdp.ac-martinique.fr\/<\/strong><\/a><\/td><\/tr><tr><td><strong>C.N.E.D<\/strong><\/td><td>Morne Tartenson &#8211; BP 638 &#8211;<br>97262 FORT DE FRANCE Cedex\u00a0<br><img decoding=\"async\" loading=\"lazy\" width=\"128\" height=\"128\" class=\"wp-image-303\" style=\"width: 30px;\" src=\"http:\/\/www.snepfsu-martinique.net\/wp-content\/uploads\/2020\/12\/Icon-telephone.png\" alt=\"\"><strong>\u00a00596 60 86 76<\/strong><br><img decoding=\"async\" loading=\"lazy\" width=\"128\" height=\"128\" class=\"wp-image-301\" style=\"width: 30px;\" src=\"http:\/\/www.snepfsu-martinique.net\/wp-content\/uploads\/2020\/12\/Icon-Fax.png\" alt=\"\"><strong>\u00a00596 71 76 69<\/strong><br><strong>\u00a0<\/strong>site<strong> : <\/strong><a href=\"http:\/\/www.cned.fr\/\" target=\"_blank\" rel=\"noreferrer noopener\">http:\/\/www.cned.fr\/<\/a><\/td><\/tr><tr><td><strong>M.A.I.F<\/strong><\/td><td>101 Avenue Condorcet &#8211; Schoelcher\u00a0<br>97200 Fort de France<br><img decoding=\"async\" loading=\"lazy\" width=\"128\" height=\"128\" class=\"wp-image-303\" style=\"width: 30px;\" src=\"http:\/\/www.snepfsu-martinique.net\/wp-content\/uploads\/2020\/12\/Icon-telephone.png\" alt=\"\">\u00a0<strong>0596 72 77 00<\/strong><br><img decoding=\"async\" loading=\"lazy\" width=\"128\" height=\"128\" class=\"wp-image-301\" style=\"width: 30px;\" src=\"http:\/\/www.snepfsu-martinique.net\/wp-content\/uploads\/2020\/12\/Icon-Fax.png\" alt=\"\"> <strong>0549 26 59 94<\/strong><br>site\u00a0:\u00a0<a rel=\"noreferrer noopener\" href=\"http:\/\/www.maif.fr\/portal\/maif\/tous\" target=\"_blank\"><strong>http:\/\/www.maif.fr<\/strong><\/a><\/td><\/tr><tr><td><strong>M.G.E.N<\/strong><\/td><td>Quartier Acajou 97232 Le Lamentin<br><img decoding=\"async\" loading=\"lazy\" width=\"128\" height=\"128\" class=\"wp-image-303\" style=\"width: 30px;\" src=\"http:\/\/www.snepfsu-martinique.net\/wp-content\/uploads\/2020\/12\/Icon-telephone.png\" alt=\"\">\u00a0<strong>0811 011 972<\/strong><br>site :<a rel=\"noreferrer noopener\" href=\"http:\/\/www.mgen.fr\/\" target=\"_blank\"><strong> <\/strong><\/a><strong><a rel=\"noreferrer noopener\" href=\"https:\/\/proximite.mgen.fr\/109-section-departementale-mgen-martinique\" target=\"_blank\">https:\/\/proximite.mgen.fr\/109-section-departementale-mgen-martinique<\/a><\/strong><\/td><\/tr><tr><td><strong>Autonome de solidarit\u00e9<\/strong><\/td><td>10 Rue ROBESPIERRE\u00a0\u00a0<br>TERRES SAINVILLE\u00a0\u00a0<br>97200 FORT DE FRANCE\u00a0\u00a0<br><img decoding=\"async\" loading=\"lazy\" width=\"128\" height=\"128\" class=\"wp-image-303\" style=\"width: 30px;\" src=\"http:\/\/www.snepfsu-martinique.net\/wp-content\/uploads\/2020\/12\/Icon-telephone.png\" alt=\"\"> <strong>0596 73 82 24<\/strong>\u00a0\u00a0<br><strong>En cas d&rsquo;urgence : 0696 21 11 33<\/strong>\u00a0<br><img decoding=\"async\" loading=\"lazy\" width=\"128\" height=\"128\" class=\"wp-image-301\" style=\"width: 30px;\" src=\"http:\/\/www.snepfsu-martinique.net\/wp-content\/uploads\/2020\/12\/Icon-Fax.png\" alt=\"\"> <strong>0596 70 43 29\u00a0\u00a0<\/strong><br><a href=\"mailto:asl972@fas-usu.fr\"><img decoding=\"async\" loading=\"lazy\" width=\"128\" height=\"128\" class=\"wp-image-302\" style=\"width: 30px;\" src=\"http:\/\/www.snepfsu-martinique.net\/wp-content\/uploads\/2020\/12\/Icon_Mail.png\" alt=\"\"><\/a> <a href=\"mailto:asl972@fas-usu.fr\"><strong>asl972@fas-usu.fr<\/strong><\/a><\/td><\/tr><\/tbody><\/table><\/figure>\n","protected":false},"excerpt":{"rendered":"<p>Pr\u00e9fecture rue Victor S\u00e9v\u00e8re 97200 Fort de France&nbsp;0596 39 36 00Site :&nbsp;http:\/\/www.martinique.pref.gouv.fr\/ Conseil R\u00e9gional&nbsp;Service du logement de la sant\u00e9 et<\/p>\n","protected":false},"author":1,"featured_media":0,"parent":0,"menu_order":0,"comment_status":"closed","ping_status":"closed","template":"","meta":{"_bbp_topic_count":0,"_bbp_reply_count":0,"_bbp_total_topic_count":0,"_bbp_total_reply_count":0,"_bbp_voice_count":0,"_bbp_anonymous_reply_count":0,"_bbp_topic_count_hidden":0,"_bbp_reply_count_hidden":0,"_bbp_forum_subforum_count":0},"_links":{"self":[{"href":"https:\/\/www.snepfsu-martinique.net\/index.php\/wp-json\/wp\/v2\/pages\/248"}],"collection":[{"href":"https:\/\/www.snepfsu-martinique.net\/index.php\/wp-json\/wp\/v2\/pages"}],"about":[{"href":"https:\/\/www.snepfsu-martinique.net\/index.php\/wp-json\/wp\/v2\/types\/page"}],"author":[{"embeddable":true,"href":"https:\/\/www.snepfsu-martinique.net\/index.php\/wp-json\/wp\/v2\/users\/1"}],"replies":[{"embeddable":true,"href":"https:\/\/www.snepfsu-martinique.net\/index.php\/wp-json\/wp\/v2\/comments?post=248"}],"version-history":[{"count":19,"href":"https:\/\/www.snepfsu-martinique.net\/index.php\/wp-json\/wp\/v2\/pages\/248\/revisions"}],"predecessor-version":[{"id":339,"href":"https:\/\/www.snepfsu-martinique.net\/index.php\/wp-json\/wp\/v2\/pages\/248\/revisions\/339"}],"wp:attachment":[{"href":"https:\/\/www.snepfsu-martinique.net\/index.php\/wp-json\/wp\/v2\/media?parent=248"}],"curies":[{"name":"wp","href":"https:\/\/api.w.org\/{rel}","templated":true}]}}