{"id":1381,"date":"2022-02-12T12:55:07","date_gmt":"2022-02-12T11:55:07","guid":{"rendered":"http:\/\/www.snepfsu-martinique.net\/?page_id=1381"},"modified":"2022-02-12T12:55:08","modified_gmt":"2022-02-12T11:55:08","slug":"classe-exceptionnelle-des-ce-eps","status":"publish","type":"page","link":"https:\/\/www.snepfsu-martinique.net\/index.php\/classe-exceptionnelle-des-ce-eps\/","title":{"rendered":"Classe exceptionnelle des CE EPS"},"content":{"rendered":"\n<h2>Avancement de grade \u00e0 la classe exceptionnelle des CE d\u2019EPS \u2013 Ann\u00e9e 2022<\/h2>\n\n\n\n<p><a href=\"https:\/\/lesite.snepfsu.fr\/wp-content\/uploads\/2021\/09\/Fiche_LDG_avancement_Classe_Exceptionnelle_CEEPS_BOSpe9_05nov2020.pdf\" target=\"_blank\" rel=\"noreferrer noopener\">Acc\u00e8s \u00e0 la classe exceptionnelle des CE d\u2019EPS<\/a>&nbsp;paru au BO Sp\u00e9cial 9 du 05 novembre 2020<\/p>\n\n\n\n<p><a href=\"https:\/\/www.education.gouv.fr\/bo\/21\/Hebdo46\/MENH2130846N.htm\" target=\"_blank\" rel=\"noreferrer noopener\">Calendrier et modalit\u00e9s de constitution des dossiers pour les campagnes 2022 d\u2019avancement de grade et de corps<\/a>&nbsp;parus BO N\u00b0 46 du 09 d\u00e9cembre 2021 \u2013 NS du 25-11-2021<\/p>\n\n\n\n<p><strong>Conditions requises :<\/strong><br>Peuvent acc\u00e9der \u00e0 la classe exceptionnelle de leur corps les agents appartenant \u00e0 la hors-classe ayant atteint au moins le 5e \u00e9chelon de cette classe au 31 ao\u00fbt 2022, y compris ceux nomm\u00e9s stagiaires dans d\u2019autres corps.<\/p>\n\n\n\n<h2>Les aspects techniques<\/h2>\n\n\n\n<ul><li><strong>Pour Qui ?<\/strong><\/li><\/ul>\n\n\n\n<p>\u2013 Les coll\u00e8gues \u00e0 partir du 5e \u00e9chelon de la hors classe au 31 ao\u00fbt 2022.<\/p>\n\n\n\n<ul><li><strong>O\u00f9&nbsp;les dossiers sont-ils trait\u00e9s ?<\/strong><\/li><\/ul>\n\n\n\n<p><strong>\u2013&nbsp;<\/strong>Les candidatures \u00e0 l\u2019avancement de grade \u00e0 la Classe Exceptionnelle des CE d\u2019EPS&nbsp;sont examin\u00e9es par l\u2019administration sans plus aucun contr\u00f4le par les repr\u00e9sentants des personnels en CAP.<\/p>\n\n\n\n<ul><li><strong>Comment<\/strong>&nbsp;<strong>les dossiers sont-ils trait\u00e9s ?<\/strong><\/li><\/ul>\n\n\n\n<p>\u2013 Le recteur arr\u00eate les tableaux d\u2019avancement dans lesquels les candidats sont class\u00e9s suivant un bar\u00e8me. Le recteur (le ministre) prononce les promotions dans l\u2019ordre d\u2019inscription au tableau d\u2019avancement<\/p>\n\n\n\n<ul><li><strong>Crit\u00e8res de classement (Bar\u00e8me)<\/strong><\/li><\/ul>\n\n\n\n<p><strong>Axe n\u00b0 1 :<\/strong>&nbsp;<strong>Anciennet\u00e9&nbsp;<\/strong><\/p>\n\n\n\n<ul><li>\u00c9chelon atteint au 31 ao\u00fbt 2022<\/li><\/ul>\n\n\n\n<figure class=\"wp-block-image\"><img decoding=\"async\" src=\"https:\/\/lesite.snepfsu.fr\/wp-content\/uploads\/2021\/09\/echelon-atteint-au-31-aout-2021.jpg\" alt=\"\" class=\"wp-image-7018\"\/><\/figure>\n\n\n\n<ul><li><strong>Combien de possibilit\u00e9s de promotion<\/strong>&nbsp;<strong>?<\/strong><\/li><\/ul>\n\n\n\n<p>\u2013 Les contingents allou\u00e9s \u00e0 chaque Acad\u00e9mie sont calcul\u00e9s sur la base du ratio promus \u2013 promouvables, fix\u00e9 annuellement au Journal Officiel ( 50% en 2021, 50% en 2020, 50% en 2019, 50% en 2018, 50% en 2017, 50% en 2016, 50% en 2015, 50% en 2014, 42% en 2013, 42% en 2012, 42% en 2011, 42% en 2010, 42% en 2009, 41.62% en 2008), comprenant tous les CE&nbsp;au 5\u00e8me et 6\u00e8me \u00e9chelon de la hors classe.<br>Le ratio&nbsp;fix\u00e9 \u00e0 50% offre les possibilit\u00e9s de promotions (3 en 2021, 3 en 2020, 3 en 2019, en 2018, 9 en 2017, 19 en 2016, 30 en 2015, 51 en 2014, 73 en 2013, 116 en 2012, 172 en 2011, 227 en 2010, 266 en 2009, 343 en 2008).<br>Nous poursuivons nos interventions pour que le ratio 2022 passe \u00e0 100% permettant l\u2019extinction de la hors-classe et le d\u00e9part \u00e0 la retraite des Charg\u00e9s d\u2019enseignement avec le dernier indice de la classe exceptionnelle.<\/p>\n\n\n\n<p><strong>Grille d\u2019avancement CE d\u2019EPS Classe Exceptionnelle<\/strong><\/p>\n\n\n\n<figure class=\"wp-block-table\"><table><tbody><tr><td><strong>\u00c9chelons<\/strong><\/td><td><strong>Classe Exceptionnelle<\/strong><\/td><\/tr><tr><td>Du 1er au 2\u00e8me<\/td><td>1 an<\/td><\/tr><tr><td>Du 2\u00e8me au 3\u00e8me&nbsp;<\/td><td>2 ans 6 mois<\/td><\/tr><tr><td>Du 3\u00e8me au 4\u00e8me<\/td><td>2 ans 6 mois<\/td><\/tr><tr><td>Du 4\u00e8me au 5\u00e8me<\/td><td>2 ans 6 mois<\/td><\/tr><tr><td>Du 5\u00e8me au 6\u00e8me (Le 6\u00e8me \u00e9chelon de la classe exceptionnelle a \u00e9t\u00e9 cr\u00e9\u00e9 au 1er janvier 2021)<\/td><td>3 ans<\/td><\/tr><\/tbody><\/table><\/figure>\n","protected":false},"excerpt":{"rendered":"<p>Avancement de grade \u00e0 la classe exceptionnelle des CE d\u2019EPS \u2013 Ann\u00e9e 2022 Acc\u00e8s \u00e0 la classe exceptionnelle des CE<\/p>\n","protected":false},"author":1,"featured_media":0,"parent":0,"menu_order":0,"comment_status":"closed","ping_status":"closed","template":"","meta":{"_bbp_topic_count":0,"_bbp_reply_count":0,"_bbp_total_topic_count":0,"_bbp_total_reply_count":0,"_bbp_voice_count":0,"_bbp_anonymous_reply_count":0,"_bbp_topic_count_hidden":0,"_bbp_reply_count_hidden":0,"_bbp_forum_subforum_count":0},"_links":{"self":[{"href":"https:\/\/www.snepfsu-martinique.net\/index.php\/wp-json\/wp\/v2\/pages\/1381"}],"collection":[{"href":"https:\/\/www.snepfsu-martinique.net\/index.php\/wp-json\/wp\/v2\/pages"}],"about":[{"href":"https:\/\/www.snepfsu-martinique.net\/index.php\/wp-json\/wp\/v2\/types\/page"}],"author":[{"embeddable":true,"href":"https:\/\/www.snepfsu-martinique.net\/index.php\/wp-json\/wp\/v2\/users\/1"}],"replies":[{"embeddable":true,"href":"https:\/\/www.snepfsu-martinique.net\/index.php\/wp-json\/wp\/v2\/comments?post=1381"}],"version-history":[{"count":1,"href":"https:\/\/www.snepfsu-martinique.net\/index.php\/wp-json\/wp\/v2\/pages\/1381\/revisions"}],"predecessor-version":[{"id":1382,"href":"https:\/\/www.snepfsu-martinique.net\/index.php\/wp-json\/wp\/v2\/pages\/1381\/revisions\/1382"}],"wp:attachment":[{"href":"https:\/\/www.snepfsu-martinique.net\/index.php\/wp-json\/wp\/v2\/media?parent=1381"}],"curies":[{"name":"wp","href":"https:\/\/api.w.org\/{rel}","templated":true}]}}